{"id":3301,"date":"2022-10-10T11:12:01","date_gmt":"2022-10-10T09:12:01","guid":{"rendered":"https:\/\/aiguaregenerada.cat\/?page_id=3301"},"modified":"2022-10-10T11:42:25","modified_gmt":"2022-10-10T09:42:25","slug":"politica-de-privacidad","status":"publish","type":"page","link":"https:\/\/aiguaregenerada.cat\/es\/politica-de-privacidad\/","title":{"rendered":"Pol\u00edtica de privacidad"},"content":{"rendered":"<div class=\"wpb-content-wrapper\"><p>[vc_row][vc_column width=\u00bb1\/6&#8243;][\/vc_column][vc_column width=\u00bb2\/3&#8243;][vc_column_text]<strong>\u00bfQui\u00e9n es el Responsable del Tratamiento de sus datos personales?<\/strong><\/p>\n<ul>\n<li><strong>Responsable del Tratamiento<\/strong>: (\u201cResponsable\u201d) Fundaci\u00f3n Eurecat<\/li>\n<li><strong>C.I.F<\/strong> : G66210345<\/li>\n<li><strong>Direcci\u00f3n<\/strong>: Parque Tecnol\u00f3gico del Vall\u00e8s, av. Universidad Aut\u00f3noma23, 08290 Cerdanyola del Vall\u00e8s<\/li>\n<li><strong>Correo electr\u00f3nico<\/strong>: legal@eurecat.org<\/li>\n<li><strong>Tel\u00e9fono<\/strong>: +34 93 238 14 00<\/li>\n<li><strong>Contacto del Delegado de Protecci\u00f3n de Datos<\/strong>: dpo@eurecat.org<\/li>\n<\/ul>\n<p><strong>\u00bfCon qu\u00e9 finalidad tratamos sus datos personales y cu\u00e1l es la base de legitimaci\u00f3n?<\/strong><\/p>\n<p>La web trata datos identificativos (como el nombre, email o tel\u00e9fono) que recoge a trav\u00e9s del formulario de contacto con la finalidad y objetivo de gestionar la comunicaci\u00f3n recibida. La base de legitimaci\u00f3n de este tratamiento es dar respuesta a la comunicaci\u00f3n.<\/p>\n<p>La Web tambi\u00e9n tiene acceso a datos de la navegaci\u00f3n (IP, localizaci\u00f3n, navegador,\u2026) fruto de la instalaci\u00f3n de las cookies; en definitiva, se podr\u00e1n obtener datos de sus h\u00e1bitos de navegaci\u00f3n, con el fin de poder mejorar los contenidos y servicios de la Web. La base de legitimaci\u00f3n del tratamiento es el consentimiento del usuario. Puede consultar m\u00e1s informaci\u00f3n al respecto en la Pol\u00edtica de Cookies<\/p>\n<p><strong>\u00bfCu\u00e1nto tiempo conservaremos sus datos personales?<\/strong><\/p>\n<p>Los datos personales se conservar\u00e1n mientras dure la finalidad por la que fueron prestados y no se solicite su supresi\u00f3n o revocaci\u00f3n, o como m\u00e1ximo dos a\u00f1os despu\u00e9s de la obtenci\u00f3n de su consentimiento.<\/p>\n<p><strong>\u00bfA qu\u00e9 destinatarios se comunicar\u00e1n sus datos?<\/strong><\/p>\n<p>Los datos no se ceder\u00e1n a terceros, sin embargo, los proveedores de servicios pueden tener acceso a ellos si por raz\u00f3n del objeto de la contrataci\u00f3n se requiere. En este sentido, el acceso de los datos se har\u00e1 con el marco legal espec\u00edfico y en cualquier caso estos terceros, no vender\u00e1n, ceder\u00e1n, alquilar\u00e1n o pondr\u00e1n a disposici\u00f3n de terceros los datos a los que tenga acceso as\u00ed como se abstendr\u00e1 de tratar -las para fines propios o diferentes.<\/p>\n<p>Los datos se podr\u00e1n ceder en caso de obligaci\u00f3n legal sin necesidad de consentimiento, el resto de posibles cesiones se realizar\u00e1n mediante su autorizaci\u00f3n expresa y debidamente informada.<\/p>\n<p><strong>\u00bfCu\u00e1les son sus derechos en relaci\u00f3n a sus datos personales?<\/strong><\/p>\n<p>El usuario puede ejercer el derecho de acceso a sus datos personales, as\u00ed como solicitar la rectificaci\u00f3n de los datos inexactos o, en su caso, solicitar su supresi\u00f3n cuando los datos ya no sean necesarios para los fines que fueron recogidas. Tambi\u00e9n podr\u00e1 solicitar la limitaci\u00f3n, portabilidad y oposici\u00f3n del tratamiento de sus datos, en determinadas circunstancias y por motivos relacionados con su particular situaci\u00f3n.<\/p>\n<p>Igualmente, tiene derecho a revocar su consentimiento en cualquier momento sin que ello afecte de forma retroactiva al tratamiento de datos personales realizado hasta el momento.<\/p>\n<p>El Usuario podr\u00e1 ejercitar sus derechos referidos anteriormente, en los t\u00e9rminos y condiciones previstas en la legislaci\u00f3n vigente, en el domicilio social subsanado en el encabezamiento o solicitarlo mediante el env\u00edo de un correo electr\u00f3nico a legal@eurecat.org<\/p>\n<p>En el supuesto de que no obtenga una respuesta satisfactoria y desee formular una reclamaci\u00f3n u obtener m\u00e1s informaci\u00f3n al respecto de cualquiera de estos derechos, puede acudir a la Agencia Espa\u00f1ola de Protecci\u00f3n de Datos (www.agpd.es \u2013 C\/ Jorge Juan, 6 de Madrid).<\/p>\n<p><strong>Decisiones automatizadas y elaboraci\u00f3n de perfiles<\/strong><\/p>\n<p>Se informa que los datos personales no est\u00e1n sometidos a decisiones automatizadas. Adicionalmente, se informa que los datos personales pueden ser procesados \u200b\u200bde forma que se elaboren perfiles en consonancia con las cookies que el usuario haya autorizado la instalaci\u00f3n, para m\u00e1s informaci\u00f3n consulte la Pol\u00edtica de Cookies<\/p>\n<p><strong>\u00bfSe realizan transferencias internacionales de datos?<\/strong><\/p>\n<p>En principio, los datos no est\u00e1n sujetos a transferencias internacionales de datos fuera del Espacio Econ\u00f3mico Europeo. Sin perjuicio de lo anterior, el Responsable puede tener proveedores de servicios que est\u00e9n ubicados fuera de la Uni\u00f3n Europea o que presten sus servicios fuera. En este sentido, el Responsable asegura que los datos personales ser\u00e1n tratados de acuerdo con los requisitos que la legislaci\u00f3n establece a tal efecto que puedan ser mediante la inclusi\u00f3n de cl\u00e1usulas contractuales est\u00e1ndar en el marco de las relaciones contractuales con el proveedor, o bien, mediante certificaciones de privacidad, ambas medidas aprobadas por la Uni\u00f3n Europea.<\/p>\n<p><strong>\u00bfQu\u00e9 medidas de seguridad tiene implantadas la entidad?<\/strong><\/p>\n<p>El Responsable informa que tiene implantadas las medidas de seguridad de \u00edndole t\u00e9cnica y organizativas necesarias que garantizan la seguridad de los datos de car\u00e1cter personal del usuario y eviten su alteraci\u00f3n, p\u00e9rdida, tratamiento y\/o acceso no autorizado de acuerdo con el estado de la tecnolog\u00eda, la naturaleza de los datos almacenados y los riesgos a los que est\u00e1n expuestos, provengan de la acci\u00f3n humana o del medio f\u00edsico o natural, de conformidad con lo previsto en la normativa vigente.[\/vc_column_text][\/vc_column][vc_column width=\u00bb1\/6&#8243;][\/vc_column][\/vc_row]<\/p>\n<\/div>","protected":false},"excerpt":{"rendered":"<p>[vc_row][vc_column width=\u00bb1\/6&#8243;][\/vc_column][vc_column width=\u00bb2\/3&#8243;][vc_column_text]\u00bfQui\u00e9n es el Responsable del Tratamiento de sus datos personales? Responsable del Tratamiento: (\u201cResponsable\u201d) Fundaci\u00f3n Eurecat C.I.F : G66210345 Direcci\u00f3n: Parque Tecnol\u00f3gico del Vall\u00e8s, av. Universidad Aut\u00f3noma23, 08290 Cerdanyola del Vall\u00e8s Correo electr\u00f3nico: legal@eurecat.org Tel\u00e9fono: +34 93 238 14 00 Contacto del Delegado de Protecci\u00f3n de Datos: dpo@eurecat.org \u00bfCon qu\u00e9 finalidad tratamos sus&hellip;<\/p>\n","protected":false},"author":4,"featured_media":0,"parent":0,"menu_order":0,"comment_status":"closed","ping_status":"closed","template":"","meta":{"footnotes":""},"class_list":["post-3301","page","type-page","status-publish","hentry","description-off"],"yoast_head":"<!-- This site is optimized with the Yoast SEO plugin v27.5 - https:\/\/yoast.com\/product\/yoast-seo-wordpress\/ -->\n<title>Pol\u00edtica de privacidad - aiguaregenerada<\/title>\n<meta name=\"robots\" content=\"index, follow, max-snippet:-1, max-image-preview:large, max-video-preview:-1\" \/>\n<link rel=\"canonical\" href=\"https:\/\/aiguaregenerada.cat\/es\/politica-de-privacidad\/\" \/>\n<meta property=\"og:locale\" content=\"es_ES\" \/>\n<meta property=\"og:type\" content=\"article\" \/>\n<meta property=\"og:title\" content=\"Pol\u00edtica de privacidad - aiguaregenerada\" \/>\n<meta property=\"og:description\" content=\"[vc_row][vc_column width=\u00bb1\/6&#8243;][\/vc_column][vc_column width=\u00bb2\/3&#8243;][vc_column_text]\u00bfQui\u00e9n es el Responsable del Tratamiento de sus datos personales? Responsable del Tratamiento: (\u201cResponsable\u201d) Fundaci\u00f3n Eurecat C.I.F : G66210345 Direcci\u00f3n: Parque Tecnol\u00f3gico del Vall\u00e8s, av. Universidad Aut\u00f3noma23, 08290 Cerdanyola del Vall\u00e8s Correo electr\u00f3nico: legal@eurecat.org Tel\u00e9fono: +34 93 238 14 00 Contacto del Delegado de Protecci\u00f3n de Datos: dpo@eurecat.org \u00bfCon qu\u00e9 finalidad tratamos sus&hellip;\" \/>\n<meta property=\"og:url\" content=\"https:\/\/aiguaregenerada.cat\/es\/politica-de-privacidad\/\" \/>\n<meta property=\"og:site_name\" content=\"aiguaregenerada\" \/>\n<meta property=\"article:modified_time\" content=\"2022-10-10T09:42:25+00:00\" \/>\n<meta name=\"twitter:card\" content=\"summary_large_image\" \/>\n<meta name=\"twitter:label1\" content=\"Tiempo de lectura\" \/>\n\t<meta name=\"twitter:data1\" content=\"5 minutos\" \/>\n<script type=\"application\/ld+json\" class=\"yoast-schema-graph\">{\"@context\":\"https:\\\/\\\/schema.org\",\"@graph\":[{\"@type\":\"WebPage\",\"@id\":\"https:\\\/\\\/aiguaregenerada.cat\\\/es\\\/politica-de-privacidad\\\/\",\"url\":\"https:\\\/\\\/aiguaregenerada.cat\\\/es\\\/politica-de-privacidad\\\/\",\"name\":\"Pol\u00edtica de privacidad - aiguaregenerada\",\"isPartOf\":{\"@id\":\"https:\\\/\\\/aiguaregenerada.cat\\\/#website\"},\"datePublished\":\"2022-10-10T09:12:01+00:00\",\"dateModified\":\"2022-10-10T09:42:25+00:00\",\"breadcrumb\":{\"@id\":\"https:\\\/\\\/aiguaregenerada.cat\\\/es\\\/politica-de-privacidad\\\/#breadcrumb\"},\"inLanguage\":\"es\",\"potentialAction\":[{\"@type\":\"ReadAction\",\"target\":[\"https:\\\/\\\/aiguaregenerada.cat\\\/es\\\/politica-de-privacidad\\\/\"]}]},{\"@type\":\"BreadcrumbList\",\"@id\":\"https:\\\/\\\/aiguaregenerada.cat\\\/es\\\/politica-de-privacidad\\\/#breadcrumb\",\"itemListElement\":[{\"@type\":\"ListItem\",\"position\":1,\"name\":\"Inici\",\"item\":\"https:\\\/\\\/aiguaregenerada.cat\\\/es\\\/\"},{\"@type\":\"ListItem\",\"position\":2,\"name\":\"Pol\u00edtica de privacidad\"}]},{\"@type\":\"WebSite\",\"@id\":\"https:\\\/\\\/aiguaregenerada.cat\\\/#website\",\"url\":\"https:\\\/\\\/aiguaregenerada.cat\\\/\",\"name\":\"aiguaregenerada\",\"description\":\"aiguaregenerada\",\"potentialAction\":[{\"@type\":\"SearchAction\",\"target\":{\"@type\":\"EntryPoint\",\"urlTemplate\":\"https:\\\/\\\/aiguaregenerada.cat\\\/?s={search_term_string}\"},\"query-input\":{\"@type\":\"PropertyValueSpecification\",\"valueRequired\":true,\"valueName\":\"search_term_string\"}}],\"inLanguage\":\"es\"}]}<\/script>\n<!-- \/ Yoast SEO plugin. -->","yoast_head_json":{"title":"Pol\u00edtica de privacidad - aiguaregenerada","robots":{"index":"index","follow":"follow","max-snippet":"max-snippet:-1","max-image-preview":"max-image-preview:large","max-video-preview":"max-video-preview:-1"},"canonical":"https:\/\/aiguaregenerada.cat\/es\/politica-de-privacidad\/","og_locale":"es_ES","og_type":"article","og_title":"Pol\u00edtica de privacidad - aiguaregenerada","og_description":"[vc_row][vc_column width=\u00bb1\/6&#8243;][\/vc_column][vc_column width=\u00bb2\/3&#8243;][vc_column_text]\u00bfQui\u00e9n es el Responsable del Tratamiento de sus datos personales? Responsable del Tratamiento: (\u201cResponsable\u201d) Fundaci\u00f3n Eurecat C.I.F : G66210345 Direcci\u00f3n: Parque Tecnol\u00f3gico del Vall\u00e8s, av. Universidad Aut\u00f3noma23, 08290 Cerdanyola del Vall\u00e8s Correo electr\u00f3nico: legal@eurecat.org Tel\u00e9fono: +34 93 238 14 00 Contacto del Delegado de Protecci\u00f3n de Datos: dpo@eurecat.org \u00bfCon qu\u00e9 finalidad tratamos sus&hellip;","og_url":"https:\/\/aiguaregenerada.cat\/es\/politica-de-privacidad\/","og_site_name":"aiguaregenerada","article_modified_time":"2022-10-10T09:42:25+00:00","twitter_card":"summary_large_image","twitter_misc":{"Tiempo de lectura":"5 minutos"},"schema":{"@context":"https:\/\/schema.org","@graph":[{"@type":"WebPage","@id":"https:\/\/aiguaregenerada.cat\/es\/politica-de-privacidad\/","url":"https:\/\/aiguaregenerada.cat\/es\/politica-de-privacidad\/","name":"Pol\u00edtica de privacidad - aiguaregenerada","isPartOf":{"@id":"https:\/\/aiguaregenerada.cat\/#website"},"datePublished":"2022-10-10T09:12:01+00:00","dateModified":"2022-10-10T09:42:25+00:00","breadcrumb":{"@id":"https:\/\/aiguaregenerada.cat\/es\/politica-de-privacidad\/#breadcrumb"},"inLanguage":"es","potentialAction":[{"@type":"ReadAction","target":["https:\/\/aiguaregenerada.cat\/es\/politica-de-privacidad\/"]}]},{"@type":"BreadcrumbList","@id":"https:\/\/aiguaregenerada.cat\/es\/politica-de-privacidad\/#breadcrumb","itemListElement":[{"@type":"ListItem","position":1,"name":"Inici","item":"https:\/\/aiguaregenerada.cat\/es\/"},{"@type":"ListItem","position":2,"name":"Pol\u00edtica de privacidad"}]},{"@type":"WebSite","@id":"https:\/\/aiguaregenerada.cat\/#website","url":"https:\/\/aiguaregenerada.cat\/","name":"aiguaregenerada","description":"aiguaregenerada","potentialAction":[{"@type":"SearchAction","target":{"@type":"EntryPoint","urlTemplate":"https:\/\/aiguaregenerada.cat\/?s={search_term_string}"},"query-input":{"@type":"PropertyValueSpecification","valueRequired":true,"valueName":"search_term_string"}}],"inLanguage":"es"}]}},"_links":{"self":[{"href":"https:\/\/aiguaregenerada.cat\/es\/wp-json\/wp\/v2\/pages\/3301","targetHints":{"allow":["GET"]}}],"collection":[{"href":"https:\/\/aiguaregenerada.cat\/es\/wp-json\/wp\/v2\/pages"}],"about":[{"href":"https:\/\/aiguaregenerada.cat\/es\/wp-json\/wp\/v2\/types\/page"}],"author":[{"embeddable":true,"href":"https:\/\/aiguaregenerada.cat\/es\/wp-json\/wp\/v2\/users\/4"}],"replies":[{"embeddable":true,"href":"https:\/\/aiguaregenerada.cat\/es\/wp-json\/wp\/v2\/comments?post=3301"}],"version-history":[{"count":2,"href":"https:\/\/aiguaregenerada.cat\/es\/wp-json\/wp\/v2\/pages\/3301\/revisions"}],"predecessor-version":[{"id":3304,"href":"https:\/\/aiguaregenerada.cat\/es\/wp-json\/wp\/v2\/pages\/3301\/revisions\/3304"}],"wp:attachment":[{"href":"https:\/\/aiguaregenerada.cat\/es\/wp-json\/wp\/v2\/media?parent=3301"}],"curies":[{"name":"wp","href":"https:\/\/api.w.org\/{rel}","templated":true}]}}